{"id":201,"date":"2020-09-19T18:54:02","date_gmt":"2020-09-19T16:54:02","guid":{"rendered":"http:\/\/f.lepriol.free.fr\/?page_id=15"},"modified":"2022-07-12T23:32:02","modified_gmt":"2022-07-12T21:32:02","slug":"15-2","status":"publish","type":"page","link":"https:\/\/despetitsboutsdumonde.fr\/index.php\/grands-itineraires-en-velo\/15-2\/","title":{"rendered":"Tour de la France en v\u00e9lo au plus proche des fronti\u00e8res"},"content":{"rendered":"\n<p><strong>Mon jeu<\/strong> : faire, en solo, le tour de la France en v\u00e9lo au plus proche des fronti\u00e8res, sauf d\u00e9nivel\u00e9s trop important, en camping avec les sacoches sur le v\u00e9lo et par \u00e9tapes de diverses longueurs en fonction des disponibilit\u00e9s. <\/p>\n\n\n\n<p>Premier d\u00e9part de Dunkerque le 20 juillet 2019 mais Perpignan &#8211; Narbonne d\u00e9j\u00e0 fait en mars 2019<\/p>\n\n\n\n<p>Tour boucl\u00e9 le 26 aout 2021 \u00e0 10h21<\/p>\n\n\n\n<p><strong>Total<\/strong> : 80 jours en 11 sessions, 7175,17 km, 55429 m d\u00e9nivel\u00e9s, 10 r\u00e9gions et 43 d\u00e9partements travers\u00e9s<\/p>\n\n\n\n<p><strong>V\u00e9lo<\/strong> : riverside 900 de chez D\u00e9cathlon, aucun probl\u00e8me technique, m\u00eame pas une crevaison !<\/p>\n\n\n\n<p><\/p>\n\n\n\n<figure class=\"wp-block-gallery has-nested-images columns-default is-cropped wp-block-gallery-1 is-layout-flex wp-block-gallery-is-layout-flex\">\n<figure class=\"wp-block-image size-large\"><img decoding=\"async\" data-id=\"1570\" src=\"https:\/\/despetitsboutsdumonde.fr\/wp-content\/uploads\/2021\/08\/IMG_4968-1-1024x1024.jpg\" alt=\"\" class=\"wp-image-1570\"\/><\/figure>\n<figcaption class=\"blocks-gallery-caption\">En rose, la trace effectu\u00e9e<\/figcaption><\/figure>\n\n\n<div class=\"jalbum-block aligncenter\"><div data-jalbum='{\"albumurl\":\"\\\/europe\\\/France\\\/2019-07-2021-TdF1\",\"ar\":25,\"linktoindex\":true,\"type\":\"strip\",\"layout\":6,\"titletemplate\":\"&lt;h4&gt;${title|name}&lt;\\\/h4&gt;\",\"titlestyle\":\"light\"}' style=\"padding-bottom:25%;\"><\/div><\/div>\n\n<div class=\"jalbum-block aligncenter\"><div data-jalbum='{\"albumurl\":\"\\\/europe\\\/France\\\/2019-08-2023-TdF2\",\"ar\":25,\"linktoindex\":true,\"type\":\"strip\",\"layout\":6,\"titletemplate\":\"&lt;h4&gt;${title|name}&lt;\\\/h4&gt;\",\"titlestyle\":\"light\"}' style=\"padding-bottom:25%;\"><\/div><\/div>\n\n<div class=\"jalbum-block aligncenter\"><div data-jalbum='{\"albumurl\":\"\\\/europe\\\/France\\\/2019-09-1415-TdF3\",\"ar\":25,\"linktoindex\":true,\"type\":\"strip\",\"layout\":6,\"titletemplate\":\"&lt;h4&gt;${title|name}&lt;\\\/h4&gt;\",\"titlestyle\":\"light\"}' style=\"padding-bottom:25%;\"><\/div><\/div>\n\n<div class=\"jalbum-block aligncenter\"><div data-jalbum='{\"albumurl\":\"\\\/europe\\\/France\\\/2019-10-2629-TdF4\",\"ar\":25,\"linktoindex\":true,\"type\":\"strip\",\"layout\":6,\"titletemplate\":\"&lt;h4&gt;${title|name}&lt;\\\/h4&gt;\",\"titlestyle\":\"light\"}' style=\"padding-bottom:25%;\"><\/div><\/div>\n\n<div class=\"jalbum-block aligncenter\"><div data-jalbum='{\"albumurl\":\"\\\/europe\\\/France\\\/2020-02-0809-TdF5a\",\"ar\":25,\"linktoindex\":true,\"type\":\"strip\",\"layout\":6,\"titletemplate\":\"&lt;h4&gt;${title|name}&lt;\\\/h4&gt;\"}' style=\"padding-bottom:25%;\"><\/div><\/div>\n\n<div class=\"jalbum-block aligncenter\"><div data-jalbum='{\"albumurl\":\"\\\/europe\\\/France\\\/2020-09-1113-DoldeBretagneSaintBrieuc\",\"ar\":25,\"linktoindex\":true,\"type\":\"strip\",\"layout\":6,\"titletemplate\":\"&lt;h4&gt;${title|name}&lt;\\\/h4&gt;\",\"titlestyle\":\"light\"}' style=\"padding-bottom:25%;\"><\/div><\/div>\n\n<div class=\"jalbum-block aligncenter\"><div data-jalbum='{\"albumurl\":\"\\\/europe\\\/France\\\/2020-02-0910-TdF5b\",\"ar\":25,\"linktoindex\":true,\"type\":\"strip\",\"layout\":6,\"titletemplate\":\"&lt;h4&gt;${title|name}&lt;\\\/h4&gt;\"}' style=\"padding-bottom:25%;\"><\/div><\/div>\n\n<div class=\"jalbum-block aligncenter\"><div data-jalbum='{\"albumurl\":\"\\\/europe\\\/France\\\/2020-02-1012-TdF5c\",\"ar\":25,\"linktoindex\":true,\"type\":\"strip\",\"layout\":6,\"titletemplate\":\"&lt;h4&gt;${title|name}&lt;\\\/h4&gt;\"}' style=\"padding-bottom:25%;\"><\/div><\/div>\n\n<div class=\"jalbum-block aligncenter\"><div data-jalbum='{\"albumurl\":\"\\\/europe\\\/France\\\/2020-08-0427-TdF7-PaimpolLaRochelle\",\"ar\":25,\"linktoindex\":true,\"type\":\"strip\",\"layout\":6,\"titletemplate\":\"&lt;h4&gt;${title|name}&lt;\\\/h4&gt;\"}' style=\"padding-bottom:25%;\"><\/div><\/div>\n\n<div class=\"jalbum-block aligncenter\"><div data-jalbum='{\"albumurl\":\"\\\/europe\\\/France\\\/2020-06-1724-TdF6-LaRochelle-Hendaye\",\"ar\":25,\"linktoindex\":true,\"type\":\"strip\",\"layout\":6,\"titletemplate\":\"&lt;h4&gt;${title|name}&lt;\\\/h4&gt;\",\"titlestyle\":\"light\"}' style=\"padding-bottom:25%;\"><\/div><\/div>\n\n<div class=\"jalbum-block aligncenter\"><div data-jalbum='{\"albumurl\":\"\\\/europe\\\/France\\\/2021-05-2227-BayonnePerpignan\",\"ar\":25,\"linktoindex\":true,\"type\":\"strip\",\"layout\":6,\"titletemplate\":\"&lt;h4&gt;${title|name}&lt;\\\/h4&gt;\"}' style=\"padding-bottom:25%;\"><\/div><\/div>\n\n<div class=\"jalbum-block aligncenter\"><div data-jalbum='{\"albumurl\":\"\\\/europe\\\/France\\\/2019-03-0203-Perpignan\\\/\",\"ar\":25,\"linktoindex\":true,\"type\":\"strip\",\"layout\":6,\"titletemplate\":\"&lt;h4&gt;${title|name}&lt;\\\/h4&gt;\",\"titlestyle\":\"light\"}' style=\"padding-bottom:25%;\"><\/div><\/div>\n\n<div class=\"jalbum-block aligncenter\"><div data-jalbum='{\"albumurl\":\"\\\/europe\\\/France\\\/2021-0729-0826-Dunkerque-Narbonne\",\"ar\":25,\"linktoindex\":true,\"type\":\"strip\",\"layout\":6,\"titletemplate\":\"&lt;h4&gt;${title|name}&lt;\\\/h4&gt;\"}' style=\"padding-bottom:25%;\"><\/div><\/div>","protected":false},"excerpt":{"rendered":"<p>Mon jeu : faire, en solo, le tour de la France en v\u00e9lo au plus proche des fronti\u00e8res, sauf d\u00e9nivel\u00e9s trop important, en camping avec les sacoches sur le v\u00e9lo et par \u00e9tapes de diverses longueurs en fonction des disponibilit\u00e9s. Premier d\u00e9part de Dunkerque le 20 juillet 2019 mais Perpignan &#8211; Narbonne d\u00e9j\u00e0 fait en &hellip; <\/p>\n<p class=\"link-more\"><a href=\"https:\/\/despetitsboutsdumonde.fr\/index.php\/grands-itineraires-en-velo\/15-2\/\" class=\"more-link\">Continuer la lecture<span class=\"screen-reader-text\"> de &laquo;&nbsp;Tour de la France en v\u00e9lo au plus proche des fronti\u00e8res&nbsp;&raquo;<\/span><\/a><\/p>\n","protected":false},"author":1,"featured_media":0,"parent":2838,"menu_order":1,"comment_status":"open","ping_status":"closed","template":"","meta":{"footnotes":""},"class_list":["post-201","page","type-page","status-publish","hentry"],"_links":{"self":[{"href":"https:\/\/despetitsboutsdumonde.fr\/index.php\/wp-json\/wp\/v2\/pages\/201","targetHints":{"allow":["GET"]}}],"collection":[{"href":"https:\/\/despetitsboutsdumonde.fr\/index.php\/wp-json\/wp\/v2\/pages"}],"about":[{"href":"https:\/\/despetitsboutsdumonde.fr\/index.php\/wp-json\/wp\/v2\/types\/page"}],"author":[{"embeddable":true,"href":"https:\/\/despetitsboutsdumonde.fr\/index.php\/wp-json\/wp\/v2\/users\/1"}],"replies":[{"embeddable":true,"href":"https:\/\/despetitsboutsdumonde.fr\/index.php\/wp-json\/wp\/v2\/comments?post=201"}],"version-history":[{"count":1,"href":"https:\/\/despetitsboutsdumonde.fr\/index.php\/wp-json\/wp\/v2\/pages\/201\/revisions"}],"predecessor-version":[{"id":2840,"href":"https:\/\/despetitsboutsdumonde.fr\/index.php\/wp-json\/wp\/v2\/pages\/201\/revisions\/2840"}],"up":[{"embeddable":true,"href":"https:\/\/despetitsboutsdumonde.fr\/index.php\/wp-json\/wp\/v2\/pages\/2838"}],"wp:attachment":[{"href":"https:\/\/despetitsboutsdumonde.fr\/index.php\/wp-json\/wp\/v2\/media?parent=201"}],"curies":[{"name":"wp","href":"https:\/\/api.w.org\/{rel}","templated":true}]}}